{"id":372,"date":"2023-09-03T22:20:48","date_gmt":"2023-09-03T22:20:48","guid":{"rendered":"https:\/\/www.sintesiarquitectes.com\/?page_id=372"},"modified":"2024-10-25T14:35:15","modified_gmt":"2024-10-25T14:35:15","slug":"parc","status":"publish","type":"page","link":"https:\/\/www.sintesiarquitectes.com\/esp\/parc\/","title":{"rendered":"Parc a la marge del Riu Clari\u00e0"},"content":{"rendered":"<div data-elementor-type=\"wp-page\" data-elementor-id=\"372\" class=\"elementor elementor-372\">\n\t\t\t\t\t\t\t\t\t<section class=\"elementor-section elementor-top-section elementor-element elementor-element-5896bcfd elementor-section-height-full elementor-section-items-stretch elementor-hidden-tablet elementor-hidden-mobile elementor-section-boxed elementor-section-height-default\" data-id=\"5896bcfd\" data-element_type=\"section\">\n\t\t\t\t\t\t<div class=\"elementor-container elementor-column-gap-default\">\n\t\t\t\t\t<div class=\"elementor-column elementor-col-100 elementor-top-column elementor-element elementor-element-6b21f928\" data-id=\"6b21f928\" data-element_type=\"column\">\n\t\t\t<div class=\"elementor-widget-wrap elementor-element-populated\">\n\t\t\t\t\t\t\t\t<div class=\"elementor-element elementor-element-48c109cb elementor-widget__width-initial elementor-widget elementor-widget-heading\" data-id=\"48c109cb\" data-element_type=\"widget\" data-widget_type=\"heading.default\">\n\t\t\t\t<div class=\"elementor-widget-container\">\n\t\t\t<style>\/*! elementor - v3.17.0 - 08-11-2023 *\/\n.elementor-heading-title{padding:0;margin:0;line-height:1}.elementor-widget-heading .elementor-heading-title[class*=elementor-size-]>a{color:inherit;font-size:inherit;line-height:inherit}.elementor-widget-heading .elementor-heading-title.elementor-size-small{font-size:15px}.elementor-widget-heading .elementor-heading-title.elementor-size-medium{font-size:19px}.elementor-widget-heading .elementor-heading-title.elementor-size-large{font-size:29px}.elementor-widget-heading .elementor-heading-title.elementor-size-xl{font-size:39px}.elementor-widget-heading .elementor-heading-title.elementor-size-xxl{font-size:59px}<\/style><h2 class=\"elementor-heading-title elementor-size-default\">S\u00cdNTESI<br>ARQUITECTES<\/h2>\t\t<\/div>\n\t\t\t\t<\/div>\n\t\t\t\t<div class=\"elementor-element elementor-element-4546e6b9 elementor-nav-menu__align-right elementor-widget__width-initial elementor-nav-menu--dropdown-tablet elementor-nav-menu__text-align-aside elementor-nav-menu--toggle elementor-nav-menu--burger elementor-widget elementor-widget-nav-menu\" data-id=\"4546e6b9\" data-element_type=\"widget\" data-settings=\"{&quot;layout&quot;:&quot;vertical&quot;,&quot;submenu_icon&quot;:{&quot;value&quot;:&quot;&lt;i class=\\&quot;fas fa-caret-down\\&quot;&gt;&lt;\\\/i&gt;&quot;,&quot;library&quot;:&quot;fa-solid&quot;},&quot;toggle&quot;:&quot;burger&quot;}\" data-widget_type=\"nav-menu.default\">\n\t\t\t\t<div class=\"elementor-widget-container\">\n\t\t\t<link rel=\"stylesheet\" href=\"https:\/\/www.sintesiarquitectes.com\/wp-content\/uploads\/elementor\/css\/custom-pro-widget-nav-menu.min.css?ver=1700679173\">\t\t\t<nav class=\"elementor-nav-menu--main elementor-nav-menu__container elementor-nav-menu--layout-vertical e--pointer-underline e--animation-fade\">\n\t\t\t\t<ul id=\"menu-1-4546e6b9\" class=\"elementor-nav-menu sm-vertical\"><li class=\"menu-item menu-item-type-post_type menu-item-object-page menu-item-home menu-item-18\"><a href=\"https:\/\/www.sintesiarquitectes.com\/esp\/\" class=\"elementor-item\">Proyectos<\/a><\/li>\n<li class=\"menu-item menu-item-type-post_type menu-item-object-page menu-item-17\"><a href=\"https:\/\/www.sintesiarquitectes.com\/esp\/estudi\/\" class=\"elementor-item\">Estudio<\/a><\/li>\n<\/ul>\t\t\t<\/nav>\n\t\t\t\t\t<div class=\"elementor-menu-toggle\" role=\"button\" tabindex=\"0\" aria-label=\"Menu Toggle\" aria-expanded=\"false\">\n\t\t\t<i aria-hidden=\"true\" role=\"presentation\" class=\"elementor-menu-toggle__icon--open eicon-menu-bar\"><\/i><i aria-hidden=\"true\" role=\"presentation\" class=\"elementor-menu-toggle__icon--close eicon-close\"><\/i>\t\t\t<span class=\"elementor-screen-only\">Menu<\/span>\n\t\t<\/div>\n\t\t\t\t\t<nav class=\"elementor-nav-menu--dropdown elementor-nav-menu__container\" aria-hidden=\"true\">\n\t\t\t\t<ul id=\"menu-2-4546e6b9\" class=\"elementor-nav-menu sm-vertical\"><li class=\"menu-item menu-item-type-post_type menu-item-object-page menu-item-home menu-item-18\"><a href=\"https:\/\/www.sintesiarquitectes.com\/esp\/\" class=\"elementor-item\" tabindex=\"-1\">Proyectos<\/a><\/li>\n<li class=\"menu-item menu-item-type-post_type menu-item-object-page menu-item-17\"><a href=\"https:\/\/www.sintesiarquitectes.com\/esp\/estudi\/\" class=\"elementor-item\" tabindex=\"-1\">Estudio<\/a><\/li>\n<\/ul>\t\t\t<\/nav>\n\t\t\t\t<\/div>\n\t\t\t\t<\/div>\n\t\t\t\t<div class=\"elementor-element elementor-element-af8cc01 elementor-widget elementor-widget-spacer\" data-id=\"af8cc01\" data-element_type=\"widget\" data-widget_type=\"spacer.default\">\n\t\t\t\t<div class=\"elementor-widget-container\">\n\t\t\t<style>\/*! elementor - v3.17.0 - 08-11-2023 *\/\n.elementor-column .elementor-spacer-inner{height:var(--spacer-size)}.e-con{--container-widget-width:100%}.e-con-inner>.elementor-widget-spacer,.e-con>.elementor-widget-spacer{width:var(--container-widget-width,var(--spacer-size));--align-self:var(--container-widget-align-self,initial);--flex-shrink:0}.e-con-inner>.elementor-widget-spacer>.elementor-widget-container,.e-con>.elementor-widget-spacer>.elementor-widget-container{height:100%;width:100%}.e-con-inner>.elementor-widget-spacer>.elementor-widget-container>.elementor-spacer,.e-con>.elementor-widget-spacer>.elementor-widget-container>.elementor-spacer{height:100%}.e-con-inner>.elementor-widget-spacer>.elementor-widget-container>.elementor-spacer>.elementor-spacer-inner,.e-con>.elementor-widget-spacer>.elementor-widget-container>.elementor-spacer>.elementor-spacer-inner{height:var(--container-widget-height,var(--spacer-size))}.e-con-inner>.elementor-widget-spacer.elementor-widget-empty,.e-con>.elementor-widget-spacer.elementor-widget-empty{position:relative;min-height:22px;min-width:22px}.e-con-inner>.elementor-widget-spacer.elementor-widget-empty .elementor-widget-empty-icon,.e-con>.elementor-widget-spacer.elementor-widget-empty .elementor-widget-empty-icon{position:absolute;top:0;bottom:0;left:0;right:0;margin:auto;padding:0;width:22px;height:22px}<\/style>\t\t<div class=\"elementor-spacer\">\n\t\t\t<div class=\"elementor-spacer-inner\"><\/div>\n\t\t<\/div>\n\t\t\t\t<\/div>\n\t\t\t\t<\/div>\n\t\t\t\t<div class=\"elementor-element elementor-element-8e1dcd5 elementor-nav-menu__align-right elementor-nav-menu--dropdown-mobile elementor-nav-menu__text-align-aside elementor-nav-menu--toggle elementor-nav-menu--burger elementor-widget elementor-widget-global elementor-global-203 elementor-widget-nav-menu\" data-id=\"8e1dcd5\" data-element_type=\"widget\" data-settings=\"{&quot;layout&quot;:&quot;horizontal&quot;,&quot;submenu_icon&quot;:{&quot;value&quot;:&quot;fas fa-caret-down&quot;,&quot;library&quot;:&quot;fa-solid&quot;},&quot;toggle&quot;:&quot;burger&quot;}\" data-widget_type=\"nav-menu.default\">\n\t\t\t\t<div class=\"elementor-widget-container\">\n\t\t\t\t\t\t<nav class=\"elementor-nav-menu--main elementor-nav-menu__container elementor-nav-menu--layout-horizontal e--pointer-none\">\n\t\t\t\t<ul id=\"menu-1-8e1dcd5\" class=\"elementor-nav-menu\"><li class=\"trp-language-switcher-container menu-item menu-item-type-post_type menu-item-object-language_switcher current-language-menu-item menu-item-159\"><a href=\"https:\/\/www.sintesiarquitectes.com\/esp\/wp-json\/wp\/v2\/pages\/372\" class=\"elementor-item elementor-item-anchor\"><span data-no-translation><span class=\"trp-ls-language-name\">VAL<\/span><\/span><\/a><\/li>\n<li class=\"trp-language-switcher-container menu-item menu-item-type-post_type menu-item-object-language_switcher current-language-menu-item menu-item-192\"><a href=\"https:\/\/www.sintesiarquitectes.com\/esp\/wp-json\/wp\/v2\/pages\/372\" class=\"elementor-item elementor-item-anchor\"><span data-no-translation><span class=\"trp-ls-language-name\">ESP<\/span><\/span><\/a><\/li>\n<li class=\"trp-language-switcher-container menu-item menu-item-type-post_type menu-item-object-language_switcher current-language-menu-item menu-item-193\"><a href=\"https:\/\/www.sintesiarquitectes.com\/esp\/wp-json\/wp\/v2\/pages\/372\" class=\"elementor-item elementor-item-anchor\"><span data-no-translation><span class=\"trp-ls-language-name\">ENG<\/span><\/span><\/a><\/li>\n<\/ul>\t\t\t<\/nav>\n\t\t\t\t\t<div class=\"elementor-menu-toggle\" role=\"button\" tabindex=\"0\" aria-label=\"Menu Toggle\" aria-expanded=\"false\">\n\t\t\t<i aria-hidden=\"true\" role=\"presentation\" class=\"elementor-menu-toggle__icon--open eicon-menu-bar\"><\/i><i aria-hidden=\"true\" role=\"presentation\" class=\"elementor-menu-toggle__icon--close eicon-close\"><\/i>\t\t\t<span class=\"elementor-screen-only\">Menu<\/span>\n\t\t<\/div>\n\t\t\t\t\t<nav class=\"elementor-nav-menu--dropdown elementor-nav-menu__container\" aria-hidden=\"true\">\n\t\t\t\t<ul id=\"menu-2-8e1dcd5\" class=\"elementor-nav-menu\"><li class=\"trp-language-switcher-container menu-item menu-item-type-post_type menu-item-object-language_switcher current-language-menu-item menu-item-159\"><a href=\"https:\/\/www.sintesiarquitectes.com\/esp\/wp-json\/wp\/v2\/pages\/372\" class=\"elementor-item elementor-item-anchor\" tabindex=\"-1\"><span data-no-translation><span class=\"trp-ls-language-name\">VAL<\/span><\/span><\/a><\/li>\n<li class=\"trp-language-switcher-container menu-item menu-item-type-post_type menu-item-object-language_switcher current-language-menu-item menu-item-192\"><a href=\"https:\/\/www.sintesiarquitectes.com\/esp\/wp-json\/wp\/v2\/pages\/372\" class=\"elementor-item elementor-item-anchor\" tabindex=\"-1\"><span data-no-translation><span class=\"trp-ls-language-name\">ESP<\/span><\/span><\/a><\/li>\n<li class=\"trp-language-switcher-container menu-item menu-item-type-post_type menu-item-object-language_switcher current-language-menu-item menu-item-193\"><a href=\"https:\/\/www.sintesiarquitectes.com\/esp\/wp-json\/wp\/v2\/pages\/372\" class=\"elementor-item elementor-item-anchor\" tabindex=\"-1\"><span data-no-translation><span class=\"trp-ls-language-name\">ENG<\/span><\/span><\/a><\/li>\n<\/ul>\t\t\t<\/nav>\n\t\t\t\t<\/div>\n\t\t\t\t<\/div>\n\t\t\t\t\t<\/div>\n\t\t<\/div>\n\t\t\t\t\t\t\t<\/div>\n\t\t<\/section>\n\t\t<div class=\"elementor-element elementor-element-876a2d0 e-flex e-con-boxed e-con e-parent\" data-id=\"876a2d0\" data-element_type=\"container\" data-settings=\"{&quot;content_width&quot;:&quot;boxed&quot;}\" data-core-v316-plus=\"true\">\n\t\t\t\t\t<div class=\"e-con-inner\">\n\t\t\t\t\t<\/div>\n\t\t\t\t<\/div>\n\t\t<div class=\"elementor-element elementor-element-463aa8cc elementor-hidden-desktop elementor-hidden-tablet_extra e-flex e-con-boxed e-con e-parent\" data-id=\"463aa8cc\" data-element_type=\"container\" data-settings=\"{&quot;content_width&quot;:&quot;boxed&quot;}\" data-core-v316-plus=\"true\">\n\t\t\t\t\t<div class=\"e-con-inner\">\n\t\t\t\t<div class=\"elementor-element elementor-element-162a74c elementor-nav-menu__text-align-center elementor-nav-menu--dropdown-tablet elementor-widget elementor-widget-nav-menu\" data-id=\"162a74c\" data-element_type=\"widget\" data-settings=\"{&quot;layout&quot;:&quot;horizontal&quot;,&quot;submenu_icon&quot;:{&quot;value&quot;:&quot;&lt;i class=\\&quot;fas fa-caret-down\\&quot;&gt;&lt;\\\/i&gt;&quot;,&quot;library&quot;:&quot;fa-solid&quot;}}\" data-widget_type=\"nav-menu.default\">\n\t\t\t\t<div class=\"elementor-widget-container\">\n\t\t\t\t\t\t<nav class=\"elementor-nav-menu--main elementor-nav-menu__container elementor-nav-menu--layout-horizontal e--pointer-underline e--animation-fade\">\n\t\t\t\t<ul id=\"menu-1-162a74c\" class=\"elementor-nav-menu\"><li class=\"menu-item menu-item-type-post_type menu-item-object-page menu-item-home menu-item-18\"><a href=\"https:\/\/www.sintesiarquitectes.com\/esp\/\" class=\"elementor-item\">Proyectos<\/a><\/li>\n<li class=\"menu-item menu-item-type-post_type menu-item-object-page menu-item-17\"><a href=\"https:\/\/www.sintesiarquitectes.com\/esp\/estudi\/\" class=\"elementor-item\">Estudio<\/a><\/li>\n<\/ul>\t\t\t<\/nav>\n\t\t\t\t\t\t<nav class=\"elementor-nav-menu--dropdown elementor-nav-menu__container\" aria-hidden=\"true\">\n\t\t\t\t<ul id=\"menu-2-162a74c\" class=\"elementor-nav-menu\"><li class=\"menu-item menu-item-type-post_type menu-item-object-page menu-item-home menu-item-18\"><a href=\"https:\/\/www.sintesiarquitectes.com\/esp\/\" class=\"elementor-item\" tabindex=\"-1\">Proyectos<\/a><\/li>\n<li class=\"menu-item menu-item-type-post_type menu-item-object-page menu-item-17\"><a href=\"https:\/\/www.sintesiarquitectes.com\/esp\/estudi\/\" class=\"elementor-item\" tabindex=\"-1\">Estudio<\/a><\/li>\n<\/ul>\t\t\t<\/nav>\n\t\t\t\t<\/div>\n\t\t\t\t<\/div>\n\t\t\t\t\t<\/div>\n\t\t\t\t<\/div>\n\t\t<div class=\"elementor-element elementor-element-a886b0a e-con-full e-flex e-con e-parent\" data-id=\"a886b0a\" data-element_type=\"container\" data-settings=\"{&quot;content_width&quot;:&quot;full&quot;}\" data-core-v316-plus=\"true\">\n\t\t<div class=\"elementor-element elementor-element-d4598bf e-con-full e-flex e-con e-child\" data-id=\"d4598bf\" data-element_type=\"container\" data-settings=\"{&quot;content_width&quot;:&quot;full&quot;}\">\n\t\t\t\t<div class=\"elementor-element elementor-element-9f12c81 elementor-widget elementor-widget-text-editor\" data-id=\"9f12c81\" data-element_type=\"widget\" data-widget_type=\"text-editor.default\">\n\t\t\t\t<div class=\"elementor-widget-container\">\n\t\t\t<style>\/*! elementor - v3.17.0 - 08-11-2023 *\/\n.elementor-widget-text-editor.elementor-drop-cap-view-stacked .elementor-drop-cap{background-color:#69727d;color:#fff}.elementor-widget-text-editor.elementor-drop-cap-view-framed .elementor-drop-cap{color:#69727d;border:3px solid;background-color:transparent}.elementor-widget-text-editor:not(.elementor-drop-cap-view-default) .elementor-drop-cap{margin-top:8px}.elementor-widget-text-editor:not(.elementor-drop-cap-view-default) .elementor-drop-cap-letter{width:1em;height:1em}.elementor-widget-text-editor .elementor-drop-cap{float:left;text-align:center;line-height:1;font-size:50px}.elementor-widget-text-editor .elementor-drop-cap-letter{display:inline-block}<\/style>\t\t\t\t<p><strong>Parque a la margen derecha del r\u00edo Clari\u00e0<\/strong><\/p><p>Ontinyent, Valencia<\/p><p>2022<\/p>\t\t\t\t\t\t<\/div>\n\t\t\t\t<\/div>\n\t\t\t\t<div class=\"elementor-element elementor-element-abafc6c elementor-widget elementor-widget-toggle\" data-id=\"abafc6c\" data-element_type=\"widget\" data-widget_type=\"toggle.default\">\n\t\t\t\t<div class=\"elementor-widget-container\">\n\t\t\t<style>.elementor-toggle{text-align:left}.elementor-toggle .elementor-tab-title{font-weight:700;line-height:1;margin:0;padding:15px;border-bottom:1px solid #d5d8dc;cursor:pointer;outline:none}.elementor-toggle .elementor-tab-title .elementor-toggle-icon{display:inline-block;width:1em}.elementor-toggle .elementor-tab-title .elementor-toggle-icon svg{margin-inline-start:-5px;width:1em;height:1em}.elementor-toggle .elementor-tab-title .elementor-toggle-icon.elementor-toggle-icon-right{float:right;text-align:right}.elementor-toggle .elementor-tab-title .elementor-toggle-icon.elementor-toggle-icon-left{float:left;text-align:left}.elementor-toggle .elementor-tab-title .elementor-toggle-icon .elementor-toggle-icon-closed{display:block}.elementor-toggle .elementor-tab-title .elementor-toggle-icon .elementor-toggle-icon-opened{display:none}.elementor-toggle .elementor-tab-title.elementor-active{border-bottom:none}.elementor-toggle .elementor-tab-title.elementor-active .elementor-toggle-icon-closed{display:none}.elementor-toggle .elementor-tab-title.elementor-active .elementor-toggle-icon-opened{display:block}.elementor-toggle .elementor-tab-content{padding:15px;border-bottom:1px solid #d5d8dc;display:none}@media (max-width:767px){.elementor-toggle .elementor-tab-title{padding:12px}.elementor-toggle .elementor-tab-content{padding:12px 10px}}.e-con-inner>.elementor-widget-toggle,.e-con>.elementor-widget-toggle{width:var(--container-widget-width);--flex-grow:var(--container-widget-flex-grow)}<\/style>\t\t<div class=\"elementor-toggle\">\n\t\t\t\t\t\t\t<div class=\"elementor-toggle-item\">\n\t\t\t\t\t<div id=\"elementor-tab-title-1801\" class=\"elementor-tab-title\" data-tab=\"1\" role=\"button\" aria-controls=\"elementor-tab-content-1801\" aria-expanded=\"false\">\n\t\t\t\t\t\t\t\t\t\t\t\t<span class=\"elementor-toggle-icon elementor-toggle-icon-left\" aria-hidden=\"true\">\n\t\t\t\t\t\t\t\t\t\t\t\t\t\t\t<span class=\"elementor-toggle-icon-closed\"><i class=\"fas fa-plus\"><\/i><\/span>\n\t\t\t\t\t\t\t\t<span class=\"elementor-toggle-icon-opened\"><i class=\"elementor-toggle-icon-opened fas fa-minus\"><\/i><\/span>\n\t\t\t\t\t\t\t\t\t\t\t\t\t<\/span>\n\t\t\t\t\t\t\t\t\t\t\t\t<a class=\"elementor-toggle-title\" tabindex=\"0\"><br><\/a>\n\t\t\t\t\t<\/div>\n\n\t\t\t\t\t<div id=\"elementor-tab-content-1801\" class=\"elementor-tab-content elementor-clearfix\" data-tab=\"1\" role=\"region\" aria-labelledby=\"elementor-tab-title-1801\"><p>Un espacio al borde del r\u00edo susceptible de inundaci\u00f3n peri\u00f3dica con las crecidas torrenciales, el solar resultante de la demolici\u00f3n de la hist\u00f3rica f\u00e1brica textil Paduana, con distintos niveles y acumulaci\u00f3n de escombros dif\u00edcilmente retirables, situado a una cota muy inferior a la de la trama urbana.<\/p><p>Este es el punto de inicio de un proyecto que pretende articular la ciudad  con el espacio natural del r\u00edo y los itinerarios y bienes de inter\u00e9s asociados.<\/p><p>Arquitectura: M\u00aa Rosario Calatayud, J.Rafael Mira, Silvia P\u00e1rraga, Ana Sanchis.<\/p><p>Direcci\u00f3n de Ejecuci\u00f3n: A Plom<\/p><p>Promotora: Ajuntament d\u2019Ontinyent<\/p><p>Constructora: Intagua Obra P\u00fablica, slu.<\/p><p>Fotograf\u00edas: Vicent Caparr\u00f3s.<\/p><p>Publicaciones:<\/p><p>- Exposici\u00f3n y cat\u00e1logo Arquitectura Reciente Valencia 2017-18-19, editada por el Colegio Territorial de Arquitectos de Valencia.<\/p><p><a href=\"https:\/\/www.paisea.com\/2022\/07\/ps-paisea-17_espacio-publico-cv\/\">&#8211; PS paisea #17_Espai P\u00fablic en la Comunitat Valenciana. Espanya.<\/a><\/p><\/div>\n\t\t\t\t<\/div>\n\t\t\t\t\t\t\t\t<\/div>\n\t\t\t\t<\/div>\n\t\t\t\t<\/div>\n\t\t\t\t<\/div>\n\t\t<div class=\"elementor-element elementor-element-6dfe276 e-con-full e-flex e-con e-child\" data-id=\"6dfe276\" data-element_type=\"container\" data-settings=\"{&quot;content_width&quot;:&quot;full&quot;}\">\n\t\t\t\t<div class=\"elementor-element elementor-element-9e5450e elementor--h-position-center elementor--v-position-middle elementor-arrows-position-inside elementor-pagination-position-inside elementor-widget elementor-widget-slides\" data-id=\"9e5450e\" data-element_type=\"widget\" data-settings=\"{&quot;navigation&quot;:&quot;both&quot;,&quot;infinite&quot;:&quot;yes&quot;,&quot;transition&quot;:&quot;slide&quot;,&quot;transition_speed&quot;:500}\" data-widget_type=\"slides.default\">\n\t\t\t\t<div class=\"elementor-widget-container\">\n\t\t\t<style>.elementor-slides .swiper-slide-bg{background-size:cover;background-position:50%;background-repeat:no-repeat;min-width:100%;min-height:100%}.elementor-slides .swiper-slide-inner{background-repeat:no-repeat;background-position:50%;position:absolute;top:0;left:0;bottom:0;right:0;padding:50px;margin:auto}.elementor-slides .swiper-slide-inner,.elementor-slides .swiper-slide-inner:hover{color:#fff;display:flex}.elementor-slides .swiper-slide-inner .elementor-background-overlay{position:absolute;z-index:0;top:0;bottom:0;left:0;right:0}.elementor-slides .swiper-slide-inner .elementor-slide-content{position:relative;z-index:1;width:100%}.elementor-slides .swiper-slide-inner .elementor-slide-heading{font-size:35px;font-weight:700;line-height:1}.elementor-slides .swiper-slide-inner .elementor-slide-description{font-size:17px;line-height:1.4}.elementor-slides .swiper-slide-inner .elementor-slide-description:not(:last-child),.elementor-slides .swiper-slide-inner .elementor-slide-heading:not(:last-child){margin-bottom:30px}.elementor-slides .swiper-slide-inner .elementor-slide-button{border:2px solid #fff;color:#fff;background:transparent;display:inline-block}.elementor-slides .swiper-slide-inner .elementor-slide-button,.elementor-slides .swiper-slide-inner .elementor-slide-button:hover{background:transparent;color:inherit;text-decoration:none}.elementor--v-position-top .swiper-slide-inner{align-items:flex-start}.elementor--v-position-bottom .swiper-slide-inner{align-items:flex-end}.elementor--v-position-middle .swiper-slide-inner{align-items:center}.elementor--h-position-left .swiper-slide-inner{justify-content:flex-start}.elementor--h-position-right .swiper-slide-inner{justify-content:flex-end}.elementor--h-position-center .swiper-slide-inner{justify-content:center}body.rtl .elementor-widget-slides .elementor-swiper-button-next{left:10px;right:auto}body.rtl .elementor-widget-slides .elementor-swiper-button-prev{right:10px;left:auto}.elementor-slides-wrapper div:not(.swiper-slide)>.swiper-slide-inner{display:none}@media (max-width:767px){.elementor-slides .swiper-slide-inner{padding:30px}.elementor-slides .swiper-slide-inner .elementor-slide-heading{font-size:23px;line-height:1;margin-bottom:15px}.elementor-slides .swiper-slide-inner .elementor-slide-description{font-size:13px;line-height:1.4;margin-bottom:15px}}<\/style>\t\t<div class=\"elementor-swiper\">\n\t\t\t<div class=\"elementor-slides-wrapper elementor-main-swiper swiper\" dir=\"ltr\" data-animation=\"\">\n\t\t\t\t<div class=\"swiper-wrapper elementor-slides\">\n\t\t\t\t\t\t\t\t\t\t<div class=\"elementor-repeater-item-185d14a swiper-slide\"><div class=\"swiper-slide-bg\" role=\"img\"><\/div><div class=\"swiper-slide-inner\" ><div class=\"swiper-slide-contents\"><\/div><\/div><\/div><div class=\"elementor-repeater-item-460552b swiper-slide\"><div class=\"swiper-slide-bg\" role=\"img\"><\/div><div class=\"swiper-slide-inner\" ><div class=\"swiper-slide-contents\"><\/div><\/div><\/div><div class=\"elementor-repeater-item-0c39b29 swiper-slide\"><div class=\"swiper-slide-bg\" role=\"img\"><\/div><div class=\"swiper-slide-inner\" ><div class=\"swiper-slide-contents\"><\/div><\/div><\/div><div class=\"elementor-repeater-item-d69cd24 swiper-slide\"><div class=\"swiper-slide-bg\" role=\"img\"><\/div><div class=\"swiper-slide-inner\" ><div class=\"swiper-slide-contents\"><\/div><\/div><\/div><div class=\"elementor-repeater-item-c2328d0 swiper-slide\"><div class=\"swiper-slide-bg\" role=\"img\"><\/div><div class=\"swiper-slide-inner\" ><div class=\"swiper-slide-contents\"><\/div><\/div><\/div><div class=\"elementor-repeater-item-26b07f3 swiper-slide\"><div class=\"swiper-slide-bg\" role=\"img\"><\/div><div class=\"swiper-slide-inner\" ><div class=\"swiper-slide-contents\"><\/div><\/div><\/div><div class=\"elementor-repeater-item-6385a1b swiper-slide\"><div class=\"swiper-slide-bg\" role=\"img\"><\/div><div class=\"swiper-slide-inner\" ><div class=\"swiper-slide-contents\"><\/div><\/div><\/div><div class=\"elementor-repeater-item-2fb1917 swiper-slide\"><div class=\"swiper-slide-bg\" role=\"img\"><\/div><div class=\"swiper-slide-inner\" ><div class=\"swiper-slide-contents\"><\/div><\/div><\/div><div class=\"elementor-repeater-item-9986abe swiper-slide\"><div class=\"swiper-slide-bg\" role=\"img\"><\/div><div class=\"swiper-slide-inner\" ><div class=\"swiper-slide-contents\"><\/div><\/div><\/div><div class=\"elementor-repeater-item-56d571d swiper-slide\"><div class=\"swiper-slide-bg\" role=\"img\"><\/div><div class=\"swiper-slide-inner\" ><div class=\"swiper-slide-contents\"><\/div><\/div><\/div>\t\t\t\t<\/div>\n\t\t\t\t\t\t\t\t\t\t\t\t\t\t\t<div class=\"swiper-pagination\"><\/div>\n\t\t\t\t\t\t\t\t\t\t\t\t\t\t\t\t<div class=\"elementor-swiper-button elementor-swiper-button-prev\" role=\"button\" tabindex=\"0\">\n\t\t\t\t\t\t\t<i aria-hidden=\"true\" class=\"eicon-chevron-left\"><\/i>\t\t\t\t\t\t\t<span class=\"elementor-screen-only\">Previous slide<\/span>\n\t\t\t\t\t\t<\/div>\n\t\t\t\t\t\t<div class=\"elementor-swiper-button elementor-swiper-button-next\" role=\"button\" tabindex=\"0\">\n\t\t\t\t\t\t\t<i aria-hidden=\"true\" class=\"eicon-chevron-right\"><\/i>\t\t\t\t\t\t\t<span class=\"elementor-screen-only\">Next slide<\/span>\n\t\t\t\t\t\t<\/div>\n\t\t\t\t\t\t\t\t\t\t\t\t<\/div>\n\t\t<\/div>\n\t\t\t\t<\/div>\n\t\t\t\t<\/div>\n\t\t\t\t<\/div>\n\t\t<div class=\"elementor-element elementor-element-b5aab79 e-con-full e-flex e-con e-child\" data-id=\"b5aab79\" data-element_type=\"container\" data-settings=\"{&quot;content_width&quot;:&quot;full&quot;}\">\n\t\t\t\t<\/div>\n\t\t\t\t<\/div>\n\t\t\t\t\t\t\t<\/div>","protected":false},"excerpt":{"rendered":"<p>S\u00cdNTESIARQUITECTES Parc a la marge dreta del riu Clari\u00e0 Ontinyent, Valencia 2022 Un espai a vora del riu susceptible d\u2019inundaci\u00f3 peri\u00f2dica amb les crescudes torrencials, el solar resultant de la demolici\u00f3 de la hist\u00f2rica f\u00e0brica t\u00e8xtil Paduana, amb distints nivells i acumulaci\u00f3 d\u2019enderrocs dif\u00edcilment retirables, situat a una cota molt inferior a la de la [&hellip;]<\/p>","protected":false},"author":1,"featured_media":0,"parent":0,"menu_order":0,"comment_status":"closed","ping_status":"closed","template":"","meta":{"footnotes":""},"class_list":["post-372","page","type-page","status-publish","hentry"],"yoast_head":"<!-- This site is optimized with the Yoast SEO plugin v24.5 - https:\/\/yoast.com\/wordpress\/plugins\/seo\/ -->\n<title>Parc a la marge del Riu Clari\u00e0 - S\u00edntesi Arquitectes<\/title>\n<meta name=\"description\" content=\"Projectes de Urbanisme. Un projecte que pret\u00e9n articular la ciutat amb l\u2019espai natural del riu Clari\u00e0 a Ontinyent\" \/>\n<meta name=\"robots\" content=\"index, follow, max-snippet:-1, max-image-preview:large, max-video-preview:-1\" \/>\n<link rel=\"canonical\" href=\"https:\/\/www.sintesiarquitectes.com\/esp\/parc\/\" \/>\n<meta property=\"og:locale\" content=\"es_ES\" \/>\n<meta property=\"og:type\" content=\"article\" \/>\n<meta property=\"og:title\" content=\"Parc a la marge del Riu Clari\u00e0 - S\u00edntesi Arquitectes\" \/>\n<meta property=\"og:description\" content=\"Projectes de Urbanisme. Un projecte que pret\u00e9n articular la ciutat amb l\u2019espai natural del riu Clari\u00e0 a Ontinyent\" \/>\n<meta property=\"og:url\" content=\"https:\/\/www.sintesiarquitectes.com\/esp\/parc\/\" \/>\n<meta property=\"og:site_name\" content=\"S\u00edntesi Arquitectes\" \/>\n<meta property=\"article:modified_time\" content=\"2024-10-25T14:35:15+00:00\" \/>\n<meta property=\"og:image\" content=\"https:\/\/www.sintesiarquitectes.com\/wp-content\/uploads\/2023\/09\/04_T6B8280_FONS-BLANC-1024x683.png\" \/>\n\t<meta property=\"og:image:width\" content=\"1024\" \/>\n\t<meta property=\"og:image:height\" content=\"683\" \/>\n\t<meta property=\"og:image:type\" content=\"image\/png\" \/>\n<meta name=\"twitter:card\" content=\"summary_large_image\" \/>\n<meta name=\"twitter:label1\" content=\"Tiempo de lectura\" \/>\n\t<meta name=\"twitter:data1\" content=\"1 minuto\" \/>\n<script type=\"application\/ld+json\" class=\"yoast-schema-graph\">{\"@context\":\"https:\/\/schema.org\",\"@graph\":[{\"@type\":\"WebPage\",\"@id\":\"https:\/\/www.sintesiarquitectes.com\/parc\/\",\"url\":\"https:\/\/www.sintesiarquitectes.com\/parc\/\",\"name\":\"Parc a la marge del Riu Clari\u00e0 - S\u00edntesi Arquitectes\",\"isPartOf\":{\"@id\":\"https:\/\/www.sintesiarquitectes.com\/#website\"},\"datePublished\":\"2023-09-03T22:20:48+00:00\",\"dateModified\":\"2024-10-25T14:35:15+00:00\",\"description\":\"Projectes de Urbanisme. Un projecte que pret\u00e9n articular la ciutat amb l\u2019espai natural del riu Clari\u00e0 a Ontinyent\",\"breadcrumb\":{\"@id\":\"https:\/\/www.sintesiarquitectes.com\/parc\/#breadcrumb\"},\"inLanguage\":\"es\",\"potentialAction\":[{\"@type\":\"ReadAction\",\"target\":[\"https:\/\/www.sintesiarquitectes.com\/parc\/\"]}]},{\"@type\":\"BreadcrumbList\",\"@id\":\"https:\/\/www.sintesiarquitectes.com\/parc\/#breadcrumb\",\"itemListElement\":[{\"@type\":\"ListItem\",\"position\":1,\"name\":\"Inici\",\"item\":\"https:\/\/www.sintesiarquitectes.com\/\"},{\"@type\":\"ListItem\",\"position\":2,\"name\":\"Parc a la marge del Riu Clari\u00e0\"}]},{\"@type\":\"WebSite\",\"@id\":\"https:\/\/www.sintesiarquitectes.com\/#website\",\"url\":\"https:\/\/www.sintesiarquitectes.com\/\",\"name\":\"S\u00edntesi Arquitectes\",\"description\":\"S\u00edntesi Arquitectes\",\"publisher\":{\"@id\":\"https:\/\/www.sintesiarquitectes.com\/#organization\"},\"potentialAction\":[{\"@type\":\"SearchAction\",\"target\":{\"@type\":\"EntryPoint\",\"urlTemplate\":\"https:\/\/www.sintesiarquitectes.com\/?s={search_term_string}\"},\"query-input\":{\"@type\":\"PropertyValueSpecification\",\"valueRequired\":true,\"valueName\":\"search_term_string\"}}],\"inLanguage\":\"es\"},{\"@type\":\"Organization\",\"@id\":\"https:\/\/www.sintesiarquitectes.com\/#organization\",\"name\":\"S\u00edntesi Arquitectes\",\"url\":\"https:\/\/www.sintesiarquitectes.com\/\",\"logo\":{\"@type\":\"ImageObject\",\"inLanguage\":\"es\",\"@id\":\"https:\/\/www.sintesiarquitectes.com\/#\/schema\/logo\/image\/\",\"url\":\"https:\/\/www.sintesiarquitectes.com\/wp-content\/uploads\/2023\/07\/cropped-silvia-parraga_logo-fons-balnc-i-linies-negres.png\",\"contentUrl\":\"https:\/\/www.sintesiarquitectes.com\/wp-content\/uploads\/2023\/07\/cropped-silvia-parraga_logo-fons-balnc-i-linies-negres.png\",\"width\":500,\"height\":500,\"caption\":\"S\u00edntesi Arquitectes\"},\"image\":{\"@id\":\"https:\/\/www.sintesiarquitectes.com\/#\/schema\/logo\/image\/\"},\"sameAs\":[\"https:\/\/www.instagram.com\/sintesiarquitectes\/\"]}]}<\/script>\n<!-- \/ Yoast SEO plugin. -->","yoast_head_json":{"title":"Parc a la marge del Riu Clari\u00e0 - S\u00edntesi Arquitectes","description":"Projectes de Urbanisme. Un projecte que pret\u00e9n articular la ciutat amb l\u2019espai natural del riu Clari\u00e0 a Ontinyent","robots":{"index":"index","follow":"follow","max-snippet":"max-snippet:-1","max-image-preview":"max-image-preview:large","max-video-preview":"max-video-preview:-1"},"canonical":"https:\/\/www.sintesiarquitectes.com\/esp\/parc\/","og_locale":"es_ES","og_type":"article","og_title":"Parc a la marge del Riu Clari\u00e0 - S\u00edntesi Arquitectes","og_description":"Projectes de Urbanisme. Un projecte que pret\u00e9n articular la ciutat amb l\u2019espai natural del riu Clari\u00e0 a Ontinyent","og_url":"https:\/\/www.sintesiarquitectes.com\/esp\/parc\/","og_site_name":"S\u00edntesi Arquitectes","article_modified_time":"2024-10-25T14:35:15+00:00","og_image":[{"width":1024,"height":683,"url":"https:\/\/www.sintesiarquitectes.com\/wp-content\/uploads\/2023\/09\/04_T6B8280_FONS-BLANC-1024x683.png","type":"image\/png"}],"twitter_card":"summary_large_image","twitter_misc":{"Tiempo de lectura":"1 minuto"},"schema":{"@context":"https:\/\/schema.org","@graph":[{"@type":"WebPage","@id":"https:\/\/www.sintesiarquitectes.com\/parc\/","url":"https:\/\/www.sintesiarquitectes.com\/parc\/","name":"Parc a la marge del Riu Clari\u00e0 - S\u00edntesi Arquitectes","isPartOf":{"@id":"https:\/\/www.sintesiarquitectes.com\/#website"},"datePublished":"2023-09-03T22:20:48+00:00","dateModified":"2024-10-25T14:35:15+00:00","description":"Projectes de Urbanisme. Un projecte que pret\u00e9n articular la ciutat amb l\u2019espai natural del riu Clari\u00e0 a Ontinyent","breadcrumb":{"@id":"https:\/\/www.sintesiarquitectes.com\/parc\/#breadcrumb"},"inLanguage":"es","potentialAction":[{"@type":"ReadAction","target":["https:\/\/www.sintesiarquitectes.com\/parc\/"]}]},{"@type":"BreadcrumbList","@id":"https:\/\/www.sintesiarquitectes.com\/parc\/#breadcrumb","itemListElement":[{"@type":"ListItem","position":1,"name":"Inici","item":"https:\/\/www.sintesiarquitectes.com\/"},{"@type":"ListItem","position":2,"name":"Parc a la marge del Riu Clari\u00e0"}]},{"@type":"WebSite","@id":"https:\/\/www.sintesiarquitectes.com\/#website","url":"https:\/\/www.sintesiarquitectes.com\/","name":"S\u00edntesi Arquitectes","description":"S\u00edntesi Arquitectes","publisher":{"@id":"https:\/\/www.sintesiarquitectes.com\/#organization"},"potentialAction":[{"@type":"SearchAction","target":{"@type":"EntryPoint","urlTemplate":"https:\/\/www.sintesiarquitectes.com\/?s={search_term_string}"},"query-input":{"@type":"PropertyValueSpecification","valueRequired":true,"valueName":"search_term_string"}}],"inLanguage":"es"},{"@type":"Organization","@id":"https:\/\/www.sintesiarquitectes.com\/#organization","name":"S\u00edntesi Arquitectes","url":"https:\/\/www.sintesiarquitectes.com\/","logo":{"@type":"ImageObject","inLanguage":"es","@id":"https:\/\/www.sintesiarquitectes.com\/#\/schema\/logo\/image\/","url":"https:\/\/www.sintesiarquitectes.com\/wp-content\/uploads\/2023\/07\/cropped-silvia-parraga_logo-fons-balnc-i-linies-negres.png","contentUrl":"https:\/\/www.sintesiarquitectes.com\/wp-content\/uploads\/2023\/07\/cropped-silvia-parraga_logo-fons-balnc-i-linies-negres.png","width":500,"height":500,"caption":"S\u00edntesi Arquitectes"},"image":{"@id":"https:\/\/www.sintesiarquitectes.com\/#\/schema\/logo\/image\/"},"sameAs":["https:\/\/www.instagram.com\/sintesiarquitectes\/"]}]}},"_links":{"self":[{"href":"https:\/\/www.sintesiarquitectes.com\/esp\/wp-json\/wp\/v2\/pages\/372","targetHints":{"allow":["GET"]}}],"collection":[{"href":"https:\/\/www.sintesiarquitectes.com\/esp\/wp-json\/wp\/v2\/pages"}],"about":[{"href":"https:\/\/www.sintesiarquitectes.com\/esp\/wp-json\/wp\/v2\/types\/page"}],"author":[{"embeddable":true,"href":"https:\/\/www.sintesiarquitectes.com\/esp\/wp-json\/wp\/v2\/users\/1"}],"replies":[{"embeddable":true,"href":"https:\/\/www.sintesiarquitectes.com\/esp\/wp-json\/wp\/v2\/comments?post=372"}],"version-history":[{"count":17,"href":"https:\/\/www.sintesiarquitectes.com\/esp\/wp-json\/wp\/v2\/pages\/372\/revisions"}],"predecessor-version":[{"id":749,"href":"https:\/\/www.sintesiarquitectes.com\/esp\/wp-json\/wp\/v2\/pages\/372\/revisions\/749"}],"wp:attachment":[{"href":"https:\/\/www.sintesiarquitectes.com\/esp\/wp-json\/wp\/v2\/media?parent=372"}],"curies":[{"name":"wp","href":"https:\/\/api.w.org\/{rel}","templated":true}]}}